{"version":"1.0","provider_name":"Minden, ami a felsz\u00edn alatt rejt\u0151zik","provider_url":"https:\/\/mystique.cafeblog.hu","author_name":"Boseeka","author_url":"https:\/\/mystique.cafeblog.hu\/author\/boseeka\/","title":"Lelki kapcsol\u00f3d\u00e1sok","html":"<p><span style=\"line-height: 107%;font-family: 'Times New Roman',serif;font-size: 14pt\"><span style=\"color: #000000\">Ismered azt a k\u00ednz\u00f3 \u00e9rz\u00e9st, mikor hirtelen r\u00e1d t\u00f6r az aggodalom valaki\u00e9rt, akit szeretsz? Ak\u00e1r olyan\u00e9rt is, akinek m\u00e1r nem vagy az \u00e9let\u00e9ben \u00e1lland\u00f3 szerepl\u0151, m\u00e9gis valahogyan \u00f6sszek\u00f6ttet\u00e9sben maradt\u00e1l vele, s ez\u00e9rt meg\u00e9rzed, amikor t\u00f6rt\u00e9nik valami rossz az \u00e9let\u00e9ben. Ilyenkor majd sz\u00e9tszak\u00edtja lelked a k\u00e9ts\u00e9gbees\u00e9s, annyira f\u00e9lted \u0151t, de nem tudod, ny\u00falj-e a telefon ut\u00e1n, vagy v\u00e1rd meg ink\u00e1bb, am\u00edg \u0151 jelentkezik. Nem akarsz r\u00e1ijeszteni, de a nyugtalans\u00e1g sz\u00edvedben nem akar al\u00e1bbhagyni, \u00edgy csak akkor tudsz \u00fajra egyens\u00falyba ker\u00fclni, ha hallod \u00e9s l\u00e1tod \u0151t. <\/span><\/span><\/p>\r\n<p><span style=\"line-height: 107%;font-family: 'Times New Roman',serif;font-size: 14pt\"><span style=\"color: #000000\">Vannak, akik nincsenek az \u00e9let\u00fcnkben \u00e1lland\u00f3an jelen, m\u00e9gis fontosak maradnak nek\u00fcnk. A sz\u00edv\u00fcnkben \u00f6r\u00f6k hely\u00fck van, akkor is, ha ez az \u00e9rz\u00e9s, nem k\u00f6lcs\u00f6n\u00f6s. Persze egy m\u00e1sik ember ir\u00e1nti szeretet\u00fcnk nem az\u00e9rt \u00e9l a sz\u00edv\u00fcnkben, mert viszonozva van az. Hanem az\u00e9rt, mert egyszer valahogyan a sz\u00edv\u00fcnkig \u00e9rt, (akkor is, ha ez nem \u00e1llt sz\u00e1nd\u00e9k\u00e1ban), s ezzel \u00f6r\u00f6kre nyomot hagyott benn\u00fcnk. <\/span><\/span><\/p>\r\n<p><span style=\"line-height: 107%;font-family: 'Times New Roman',serif;font-size: 14pt\"><span style=\"color: #000000\">Olykor f\u00e9lelmetes is ez a kapcsol\u00f3d\u00e1s, hiszen akikkel \u00fagy vagyunk \u00f6sszek\u00f6tve, hogy nem kellenek hozz\u00e1 szem\u00e9lyes tal\u00e1lkoz\u00e1sok, sem telefonbesz\u00e9lget\u00e9sek, hogy \u00e9szlelj\u00fck, ha valami rossz t\u00f6rt\u00e9nt vel\u00fck bizony\u00edt\u00e9k arra, hogy nem mindent lehet megmagyar\u00e1zni. Mert \u201ecsak\u201d \u00e9rz\u00e9kelj\u00fck, valamilyen lelki csatorn\u00e1n kereszt\u00fcl, hogy aggodalomra okot ad\u00f3 helyzetbe ker\u00fcltek. Zaklatotts\u00e1got, s\u00falyosabb betegs\u00e9geket, sz\u00edvf\u00e1jdalmakat fog be szenzorunk ilyenkor. Persze van, mikor a forr\u00f3s\u00e1g \u00f6nti el test\u00fcnk, mert valaki r\u00e1nk gondol, csak ebb\u0151l kevesebb \u00e9lm\u00e9ny jut. <\/span><\/span><\/p>\r\n<p><a href=\"https:\/\/mystique.cafeblog.hu\/files\/2019\/03\/a-l-l-e-f-v-i-n-i-c-i-u-s-255627-unsplash.jpg\"><img class=\"size-large wp-image-5609087 aligncenter\" src=\"https:\/\/mystique.cafeblog.hu\/files\/2019\/03\/a-l-l-e-f-v-i-n-i-c-i-u-s-255627-unsplash-400x600.jpg\" alt=\"\" width=\"400\" height=\"600\" \/><\/a><\/p>\r\n<p><span style=\"line-height: 107%;font-family: 'Times New Roman',serif;font-size: 14pt\"><span style=\"color: #000000\">Azok, akik hang n\u00e9lk\u00fcli seg\u00e9lyki\u00e1lt\u00e1s k\u00e9p\u00e9ben hatolnak \u00e1t t\u00e9ren \u00e9s id\u0151n, hogy hozz\u00e1nk utat tal\u00e1ljanak, nem seg\u00edts\u00e9get v\u00e1rnak t\u0151l\u00fcnk. Sokszor nem is tudnak r\u00f3la, hogy meghallottuk lelk\u00fck sikolt\u00e1s\u00e1t. \u00c9letemben n\u00e9gy olyan ember van, akinek b\u00e1rmikor meg\u00e9rzem minden lelki\/testi rezd\u00fcl\u00e9s\u00e9t ily m\u00f3don. \u00d6ssze vagyok vel\u00fck k\u00f6tve, s ha akarn\u00e1m, se tudn\u00e1m \u0151ket nem \u00e9rz\u00e9kelni akkor is, ha t\u00f6bb sz\u00e1z, vagy ezer kilom\u00e9ter van is k\u00f6zt\u00fcnk \u00e9ppen, pedig csak egyik\u00fckkel \u00e1llok v\u00e9rszerinti kapcsolatban, a t\u00f6bbiek \u201ecsak\u201d bele\u00e9gtek a sz\u00edvembe, mintha mindig is hozz\u00e1m tartoztak volna.<\/span><\/span><\/p>\r\n<p><span style=\"line-height: 107%;font-family: 'Times New Roman',serif;font-size: 14pt\"><span style=\"color: #000000\">Az intu\u00edci\u00f3im (sajnos) sosem csapnak be. A legut\u00f3bb mikor meg\u00e9reztem egy sz\u00f6rny\u0171s\u00e9get, kider\u00fclt, hogy sz\u00edvrohamot kapott, egy sz\u00edvemnek kedves bar\u00e1tom, s majdnem meghalt. Tudtam, hogy baj van, pedig nem besz\u00e9ltem vele akkor m\u00e1r 4 h\u00f3napja. Csak \u00e9reztem, hogy vesz\u00e9lyben az \u00e9lete, s egyszer\u0171en nem voltam k\u00e9pes szabadulni att\u00f3l a rettenetes aggodalomt\u00f3l, ami miatta elkapott\u2026 <\/span><\/span><\/p>\r\n<p><span style=\"line-height: 107%;font-family: 'Times New Roman',serif;font-size: 14pt\"><span style=\"color: #000000\">Nappal \u00e9s \u00e9jszaka t\u00f6rnek r\u00e1m \u00edgy azok, akikkel lelki \u00f6sszek\u00f6ttet\u00e9sben vagyok. Megakasztj\u00e1k napi rutinom, fel\u00e9bresztenek \u00e1lmomb\u00f3l is, ha kell, hogy tudtomra adj\u00e1k, hogy mi van vel\u00fck. \u00c9n magam sem tudom megmagyar\u00e1zni, hogyan lehets\u00e9ges ez. Fogalmam sincs, hogyan lehetek \u00f6sszek\u00f6tve emberekkel ennyire, ak\u00e1r \u00fagy is, hogy p\u00e9ld\u00e1ul a fent eml\u00edtett bar\u00e1tomr\u00f3l azt felt\u00e9telezem, neki \u00e9n nem jelentek annyit, mint \u0151 nekem.<\/span><\/span><\/p>\r\n<p><span style=\"line-height: 107%;font-family: 'Times New Roman',serif;font-size: 14pt\"><span style=\"color: #000000\">M\u00e9gis \u00e9rzem \u0151t is valahogyan, valami\u00e9rt. Ugyan\u00fagy, ahogy any\u00e1mat, s m\u00e1sik k\u00e9t legjobb bar\u00e1tomat is \u00e9szlelem b\u00e1rmikor. Egy ideig azt hittem, hogy ez a lelki kapcsol\u00f3d\u00e1s csak azokkal m\u0171k\u00f6dik, akikkel k\u00f6lcs\u00f6n\u00f6sen k\u00f6t\u0151d\u00fcnk egym\u00e1shoz, de mint kider\u00fclt, ez sem biztos, hogy felt\u00e9tele ennek a jelens\u00e9gnek. Csak a l\u00e9leknek kell ismernie a csatorn\u00e1t ahhoz, hogy egym\u00e1shoz utat tal\u00e1ljunk, m\u00e1s ebben nem m\u00e9rvad\u00f3, \u00fagy t\u0171nik. <\/span><\/span><\/p>\r\n<p><a href=\"https:\/\/mystique.cafeblog.hu\/files\/2019\/03\/soul-to.jpg\"><img class=\" wp-image-5609090 aligncenter\" src=\"https:\/\/mystique.cafeblog.hu\/files\/2019\/03\/soul-to-480x600.jpg\" alt=\"\" width=\"381\" height=\"476\" \/><\/a><\/p>\r\n<p><span style=\"line-height: 107%;font-family: 'Times New Roman',serif;font-size: 14pt\"><span style=\"color: #000000\">Ha t\u00f6rt r\u00e1d m\u00e1r \u00fagy aggodalom, hogy nem tudtad megmagyar\u00e1zni mi\u00e9rt \u00e9s hogyan, de \u00e9rezted, hogy valami rossz t\u00f6rt\u00e9nik egy sz\u00e1modra fontos emberrel, \u00e9rted mir\u0151l besz\u00e9lek. A lelki kapcsol\u00f3d\u00e1sok, val\u00f3di (sz\u00edvb\u00e9li) szeretettel p\u00e1rosulva j\u00f6nnek l\u00e9tre, m\u00e9gsem tudjuk pontosan, mik\u00e9nt lehets\u00e9ges, hogy meg\u00e9rezz\u00fck m\u00e1sok fel\u00e9n ir\u00e1nyul\u00f3 gondolatait\/\u00e9rz\u00e9seit vagy szenved\u00e9s\u00e9t, f\u00e1jdalm\u00e1t, b\u00e1nat\u00e1t.<\/span><\/span><\/p>\r\n<p><span style=\"line-height: 107%;font-family: 'Times New Roman',serif;font-size: 14pt\"><span style=\"color: #000000\">Kutatjuk az eget, a tenger m\u00e9ly\u00e9t, az ember biol\u00f3giai m\u0171k\u00f6d\u00e9s\u00e9t, de erre nincs k\u00e9sz v\u00e1laszunk. A lelki kapcsol\u00f3d\u00e1sok sz\u00f6vev\u00e9nyes h\u00e1l\u00f3j\u00e1ban csak inform\u00e1ci\u00f3kat kapunk \u00e9rzelmek form\u00e1j\u00e1ban, szavak n\u00e9lk\u00fcl, mik\u00f6zben mi magunk sem igaz\u00e1n \u00e9rtj\u00fck, honnan tudjuk azt, amit tudunk. <\/span><\/span><\/p>\r\n<p><span style=\"line-height: 107%;font-family: 'Times New Roman',serif;font-size: 14pt\"><span style=\"color: #000000\">Igaz, sajnos nem az \u00f6r\u00f6mr\u0151l, a boldogs\u00e1gr\u00f3l adnak h\u00edrt nek\u00fcnk a lelkek hangjai, hanem a f\u00e1jdalmaikr\u00f3l. Tal\u00e1n az\u00e9rt, mert a negat\u00edv hull\u00e1mok er\u0151sebben rezegnek \u00e1t a lelkeken. Ez\u00e9rt a kapcsol\u00f3d\u00e1s is akkor er\u0151teljesebb, ha testi\/lelki v\u00e1ls\u00e1gba ker\u00fcl az egy\u00e9n. \u00cdgy felfedve mag\u00e1t az el\u0151tt, akinek nem mindegy mi van vele. <\/span><\/span><\/p>","type":"rich","thumbnail_url":"https:\/\/mystique.cafeblog.hu\/files\/2019\/03\/a-l-l-e-f-v-i-n-i-c-i-u-s-255627-unsplash22-150x150.jpg","thumbnail_width":150,"thumbnail_height":150}