{"version":"1.0","provider_name":"Minden, ami a felsz\u00edn alatt rejt\u0151zik","provider_url":"https:\/\/mystique.cafeblog.hu","author_name":"Boseeka","author_url":"https:\/\/mystique.cafeblog.hu\/author\/boseeka\/","title":"Az igazi Buzg\u00f3 M\u00f3csing alias Trebitsch Ign\u00e1c","html":"<p>Ismered Rejt\u0151 Jen\u0151 Buzg\u00f3 M\u00f3csing figur\u00e1j\u00e1t? Rem\u00e9lem igen. Nos, \u0151 val\u00f3s szem\u00e9ly volt, b\u00e1rmennyire is a rejt\u0151i vil\u00e1gba illett. Az \u00e9let n\u00e9ha sokkal kacif\u00e1ntosabb szem\u00e9lyis\u00e9geket \u00e9s t\u00f6rt\u00e9nteket ad, mint a reg\u00e9nyek.<\/p>\r\n<blockquote>\r\n<p><strong>\u00cdgy van ez az 1879. \u00e1prilis 6-\u00e1n sz\u00fcletett Trebitsch Ign\u00e1c eset\u00e9ben is.<\/strong><\/p>\r\n<\/blockquote>\r\n<p>Annyi mindennel foglalkozott, hogy felsorolni is neh\u00e9z. Volt <strong>rabbi n\u00f6vend\u00e9k<\/strong>, majd \u201e<strong>szuper kereszt\u00e9ny<\/strong>\u201d, k\u00e9s\u0151bb<strong> k\u00e9m<\/strong>, <strong>\u00edr\u00f3<\/strong>, <strong>politikus<\/strong>, <strong>konspir\u00e1tor<\/strong> \u00e9s \u00fczletember. \u00c9lete v\u00e9g\u00e9n m\u00e1r <strong>buddhista szerzetes<\/strong> lett bel\u0151le. De v\u00e9geredm\u00e9nyben mindig csak egyet akart. K\u00f6zismertt\u00e9 v\u00e1lni, s f\u00f6l\u00e9be helyezkedni a t\u00f6bbieknek.<\/p>\r\n<p>\u00c9lete alakul\u00e1s\u00e1ba egy szerelem ny\u00falt bele. A rabbinak k\u00e9sz\u00fcl\u0151 fi\u00fa ugyanis beleszeretett egy sz\u00edn\u00e9szn\u0151be, akit el akart venni. A Rothschildekkel is rokons\u00e1gban \u00e1ll\u00f3 csal\u00e1d ezt nem n\u00e9zte j\u00f3 szemmel. Gondolt\u00e1k j\u00f3t tenne a fi\u00fanak a k\u00f6rnyezetv\u00e1ltoz\u00e1s, \u00edgy elk\u00fcldt\u00e9k vil\u00e1got l\u00e1tni.<\/p>\r\n<p><a href=\"https:\/\/mystique.cafeblog.hu\/files\/2020\/09\/Ignatius_Timothy_Trebitsch-Lincoln_circa_1915.jpg\"><img class=\" wp-image-5609702 aligncenter\" src=\"https:\/\/mystique.cafeblog.hu\/files\/2020\/09\/Ignatius_Timothy_Trebitsch-Lincoln_circa_1915-436x600.jpg\" alt=\"\" width=\"307\" height=\"422\" \/><\/a><\/p>\r\n<p>Ign\u00e1c megj\u00e1rta Amerik\u00e1t, majd mire vissza\u00e9rt letett sz\u00e1nd\u00e9k\u00e1r\u00f3l. <strong>Viszont megfogant benne a gondolat, nem lesz rabbi, ink\u00e1bb valami olyan hivat\u00e1st keres, ami \u0151t ismertt\u00e9 teszi<\/strong>. J\u00f3 \u00fatnak t\u0171nt erre az \u00fajs\u00e1g\u00edr\u00e1s, mert <strong>vil\u00e1g k\u00f6r\u00fcli \u00fatjair\u00f3l \u00edrt besz\u00e1mol\u00f3it lek\u00f6z\u00f6lte a Pesti Napl\u00f3.<\/strong> Ez azonban csak egy ideig felelt meg elv\u00e1r\u00e1sainak, lassan \u00fagy \u00e9rezte kin\u0151tte az orsz\u00e1got.<\/p>\r\n<p><strong>El is ment Angli\u00e1ba, ahol egy bar\u00e1tja \u00e1tt\u00e9r\u00edtette a kereszt\u00e9ny vall\u00e1sra<\/strong>. Mi t\u00f6bb, <strong>papn\u00f6vend\u00e9knek kezdett tanulni<\/strong>, mert beleszeretett egy hamburgi l\u00e1nyba, Gretchenbe. A csal\u00e1dja kitagadta, \u0151 meg tov\u00e1bb ment Kanada fel\u00e9, hogy gyorsan elv\u00e9gezze a teol\u00f3gia szakot. Ugyanis a n\u00e9met l\u00e1ny csal\u00e1dja csak felszentelt papk\u00e9nt fogadta el k\u00e9r\u0151nek.<\/p>\r\n<p>Egy \u00e9vvel k\u00e9s\u0151bb menyasszonya k\u00f6vette \u0151t Kanad\u00e1ba, ahol m\u00e1r az \u00cdr Kereszt\u00e9ny Egyh\u00e1z papjak\u00e9nt szolg\u00e1lt Ign\u00e1c. <strong>Elvette Gretchent, de hamarosan a reform\u00e1tus hittel gondjai t\u00e1madtak, \u00edgy \u00e1tt\u00e9rt az anglik\u00e1n vall\u00e1sra<\/strong>. Ezut\u00e1n \u00e1tk\u00f6lt\u00f6ztek Londonba, ahol lelk\u00e9ssz\u00e9 nevezte ki a Canterbury \u00e9rseks\u00e9g. <strong>A gond csak az volt, hogy egy apr\u00f3 faluban l\u00e9phetett Trebitsch a nyilv\u00e1noss\u00e1g el\u00e9<\/strong>.<\/p>\r\n<p>Ekkor m\u00e1r k\u00e9t gyermeke is megsz\u00fcletett, \u00edgy nem csak maga miatt, hanem \u00e9rt\u00fck is akart magasabbra kapaszkodni. <strong>Hirtelen \u00f6tlett\u0151l vez\u00e9relve \u00fagy d\u00f6nt\u00f6tt parlamenti k\u00e9pvisel\u0151 lesz.<\/strong> B\u00e1r m\u00e9g mindig csak egy magyar bev\u00e1ndorl\u00f3 volt, \u00edgy teljess\u00e9ggel lehetetlennek t\u0171nt terve, de ez nem t\u00e1ntor\u00edtotta el.\u00a0 B\u00edzott mag\u00e1ban, s kapcsolatteremt\u00e9si k\u00e9pess\u00e9geinek k\u00f6sz\u00f6nhet\u0151en beker\u00fclt egy nagy m\u00falt\u00fa \u00e9s igen befoly\u00e1sos t\u00e1rsas\u00e1g tagjai k\u00f6z\u00e9, akiknek megnyerte a t\u00e1mogat\u00e1s\u00e1t.<\/p>\r\n<p><strong>K\u00f6zkedvelt figura lett bel\u0151le, aminek k\u00f6sz\u00f6nhet\u0151en Belgiumba k\u00fcldt\u00e9k, hogy szociol\u00f3giai kutat\u00e1sokat v\u00e9gezzen. Persze csak n\u00e9vleg, mert 1909-ben Anglia \u00e9s N\u00e9metorsz\u00e1g k\u00f6z\u00f6tt komoly ellent\u00e9tek voltak<\/strong>. \u00cdgy az\u00e9rt k\u00fcldt\u00e9k, hogy a Belgiumot \u00f6vez\u0151 orsz\u00e1gokat j\u00e1rja inform\u00e1ci\u00f3k\u00e9rt. Hogy mennyire volt sikeres tev\u00e9kenys\u00e9g\u00e9ben, abban mutatkozik meg, hogy egy \u00e9vvel k\u00e9s\u0151bb komoly tekint\u00e9lyt \u00e9s vagyont szerezve t\u00e9rt vissza Angli\u00e1ba.<\/p>\r\n[caption id=\"attachment_5609703\" align=\"aligncenter\" width=\"427\"]<a href=\"https:\/\/mystique.cafeblog.hu\/files\/2020\/09\/gettyimages-3437915.jpg\"><img class=\" wp-image-5609703\" src=\"https:\/\/mystique.cafeblog.hu\/files\/2020\/09\/gettyimages-3437915-600x408.jpg\" alt=\"\" width=\"427\" height=\"290\" \/><\/a> Angli\u00e1ban[\/caption]\r\n<p><strong>Ekkor m\u00e1r felaj\u00e1nlott\u00e1k neki, hogy induljon angliai lak\u00f3hely\u00e9n a ter\u00fcleti v\u00e1laszt\u00e1son<\/strong>. Az amolyan \u00fcres gesztust senki nem gondolta komolyan. Ehhez k\u00e9pest a v\u00e1laszt\u00e1sok k\u00f6zep\u00e9n<strong> Trebitsch megkapta az angol \u00e1llampolg\u00e1rs\u00e1got, s megnyerte a v\u00e1laszt\u00e1st<\/strong>. V\u00e9gre r\u00e9vbe \u00e9rt, de azt\u00e1n ki\u00fcr\u00fclt a p\u00e9nzt\u00e1rc\u00e1ja\u2026<\/p>\r\n<p>\u00cdgy befoly\u00e1sos bar\u00e1tai \u00e1ltal \u00fajra \u201emesters\u00e9get\u201d v\u00e1ltott. <strong>R\u00e9szesed\u00e9st v\u00e1s\u00e1rolt mag\u00e1nak n\u00e9h\u00e1ny Gal\u00edci\u00e1ban \u00e9s Rom\u00e1ni\u00e1ban tal\u00e1lhat\u00f3 olajvezet\u00e9kre<\/strong>. <strong>Ekkoriban ker\u00fclt kapcsolatba Dr. Segal ausztriai k\u00e9mmel is.<\/strong> A f\u00e9rfi r\u00e9v\u00e9n Ign\u00e1c kapcsolatba ker\u00fclt a n\u00e9met, az osztr\u00e1k-magyar h\u00edrszerz\u0151kkel, ami nem vetett r\u00e1 j\u00f3 f\u00e9nyt.<\/p>\r\n<p>Annyira nem, hogy nem is indult a k\u00f6vetkez\u0151i angliai v\u00e1laszt\u00e1sokon. <strong>Helyette sarokba szor\u00edtott\u00e1k az angol h\u00edrszerz\u00e9s emberei kapcsolatai miatt, \u00edgy k\u00e9mked\u00e9sre vett\u00e9k r\u00e1. \u0150 azt gondolta majd kij\u00e1tssza egym\u00e1s ellen az angol, a n\u00e9met \u00e9s az osztr\u00e1k-magyar h\u00edrszerz\u00e9st, de val\u00f3j\u00e1ban mindenki tudott kapcsolatair\u00f3l, \u00edgy \u0151t haszn\u00e1lt\u00e1k fel.<\/strong> S b\u00e1r id\u0151k\u00f6zben megtette mag\u00e1t az Egyes\u00fclt Gal\u00edciai Olajvezet\u00e9kek T\u00e1rsas\u00e1g\u00e1nak vezet\u0151j\u00e9v\u00e9, egy ideig e f\u00f6l\u00f6tt szemet hunytak a titkosszolg\u00e1latok.<\/p>\r\n<p>Na nem a v\u00e9gtelens\u00e9gig, csak ameddig sz\u00fcks\u00e9g\u00fck volt r\u00e1. <strong>Egy hamis\u00edt\u00e1sn\u00e1l m\u00e1r elvesztette Anglia bizalm\u00e1t, \u00edgy Rotterdamba ment, hogy inform\u00e1ci\u00f3kat adjon el egy n\u00e9met titkos \u00fcgyn\u00f6knek, \u00e1m az inform\u00e1ci\u00f3k hamisak voltak<\/strong>, \u00edgy nem maradt m\u00e1s v\u00e1laszt\u00e1sa, menek\u00fclnie kellett. Ekkor m\u00e1r kit\u00f6rt a h\u00e1bor\u00fa, \u00edgy <strong>Amerik\u00e1ba ment<\/strong>. Ott \u00fagy gondolta <strong>h\u00edrlap\u00edr\u00f3<\/strong> lesz, amivel csak \u00fagy robbanhatott a k\u00f6ztudatba, ha szenz\u00e1ci\u00f3t ad el.<\/p>\r\n[caption id=\"attachment_5609704\" align=\"aligncenter\" width=\"271\"]<a href=\"https:\/\/mystique.cafeblog.hu\/files\/2020\/09\/character_designs___dirty_fred_the_captain_by_garisart_d4moqkd-fullview.jpg\"><img class=\"size-full wp-image-5609704\" src=\"https:\/\/mystique.cafeblog.hu\/files\/2020\/09\/character_designs___dirty_fred_the_captain_by_garisart_d4moqkd-fullview.jpg\" alt=\"\" width=\"271\" height=\"349\" \/><\/a> Rejt\u0151 Jen\u0151 Buzg\u00f3 M\u00f3csing figur\u00e1ja[\/caption]\r\n<p><strong>A New York World c\u00edm\u0171 napilapn\u00e1l jelent meg k\u00e9t r\u00e9szes cikke arr\u00f3l, hogy Anglia provok\u00e1lta ki a h\u00e1bor\u00fat<\/strong>. Maga az \u00edr\u00e1s sok t\u00falz\u00e1st tartalmazott, de sikeres lett. M\u00e9g egy k\u00f6nyv \u00edr\u00e1s\u00e1ra is felk\u00e9rt\u00e9k, ami <strong>Egy nemzetk\u00f6zi k\u00e9m vallom\u00e1sai<\/strong> c\u00edmen meg is jelent. S\u0151t, az <strong>FBI rejtjeles k\u00f3dol\u00e1sra is felk\u00e9rte<\/strong>, amihez egy\u00e1ltal\u00e1n nem \u00e9rtett, de k\u00f6nyvt\u00e1ri k\u00f6nyvekb\u0151l megoldotta a feladatot.<\/p>\r\n<p>R\u00e1ad\u00e1sul \u00f6sszebar\u00e1tkozott egy FBI \u00fcgyn\u00f6kkel, aki nem b\u00e1nt vele keszty\u0171s k\u00e9zzel. \u00cdgy t\u00f6rt\u00e9nhetett meg, hogy szolg\u00e1lati hely\u00e9r\u0151l <strong>Trebitsch megsz\u00f6k\u00f6tt, mikor Anglia megk\u00e9rte Amerik\u00e1t, hogy a hamis\u00edt\u00e1s v\u00e1dj\u00e1val tart\u00f3ztass\u00e1k le \u00e9s adj\u00e1k \u00e1t nekik<\/strong>.\u00a0 42 nap rejt\u0151zk\u00f6d\u00e9s ut\u00e1n fogt\u00e1k el. Azt\u00e1n kiadt\u00e1k Angli\u00e1nak, s csak <strong>h\u00e1rom \u00e9v ut\u00e1n 1919-ben szabadult<\/strong>, ekkor viszont v\u00e9gleg kiutas\u00edtott\u00e1k az Egyes\u00fclt Kir\u00e1lys\u00e1gb\u00f3l.<\/p>\r\n<p><strong>H\u0151s\u00fcnk N\u00e9metorsz\u00e1gba ment, s ott hamarosan kapcsolatba ker\u00fclt a n\u00e9met jobboldali ellen\u00e1ll\u00e1s illusztris tagjaival.<\/strong> Erich Lundedorff t\u00e1bornokkal \u00e9s Max Bauer ezredes<strong> puccsot tervezett a korm\u00e1nyp\u00e1rt ellen<\/strong>. Ennek<strong> a mozgalomnak lett sajt\u00f3f\u0151n\u00f6ke<\/strong> Trebitsch. B\u00e1r terv\u00fck megbukott, az\u00e9rt nem adt\u00e1k fel, csak teret v\u00e1ltoztatva \u00fagy k\u00e9pzelt\u00e9k bajor \u00e9s magyar seg\u00edts\u00e9ggel Ausztri\u00e1ban \u00e9rnek el v\u00e1ltoz\u00e1st. <strong>Ez\u00e9rt Horthyt l\u00e1togatt\u00e1k meg, hogy seg\u00edts\u00e9get \u00e9s t\u00e1mogat\u00e1st szerezzenek.<\/strong><\/p>\r\n<p>Elmagyar\u00e1zt\u00e1k neki terv\u00fck, ami tetszett Horthynak. Csakhogy k\u00f6zben al\u00e1\u00edrt\u00e1k a trianoni b\u00e9keszerz\u0151d\u00e9st is, r\u00e1ad\u00e1sul egy m\u00e1sik n\u00e9met ellen\u00e1ll\u00f3 csoport is megkereste a minisztert. <strong>Trebitsch\u00e9k egyre ink\u00e1bb h\u00e1tt\u00e9rbe szorultak, r\u00e1ad\u00e1sul a p\u00e9nz\u00fcgyi fedezetet hamis\u00edt\u00e1s \u00fatj\u00e1n k\u00e9pzeltek el.<\/strong><\/p>\r\n<h3><strong>A t\u00e1rgyal\u00e1sok megrekedtek, k\u00f6zben Ign\u00e1cot megv\u00e1dolt\u00e1k, hogy el\u00e1rulta az antantot, \u00edgy \u00e1tmenek\u00fclt Ausztri\u00e1ba, ahov\u00e1 maga ut\u00e1n h\u00edvta a csal\u00e1dj\u00e1t, s eladott inform\u00e1ci\u00f3kat a csehszlov\u00e1k h\u00edrszerz\u00e9snek.<\/strong><\/h3>\r\n<p>&nbsp;<\/p>\r\n<p>Hamarosan azt\u00e1n Ausztria is kicsi lett neki, s \u00e1ttelep\u00fclt K\u00edn\u00e1ba. <strong>1922-ben \u00e9rkezett Sanghajba<\/strong>. Ott hamarosan <strong>K\u00f6z\u00e9p-K\u00edna legnagyobb dikt\u00e1tor\u00e1nak Vu-Pej-Fu-nek lett a legf\u0151bb tan\u00e1csad\u00f3ja.<\/strong> Az angol \u00e9s amerikai t\u00e1mogat\u00e1st is \u00e9lvez\u0151 vezet\u0151t annyira megfogta, hogy nemsok\u00e1ra <strong>megkapta a mandarin c\u00edmet is<\/strong> t\u0151le.<\/p>\r\n<p><strong>Trebitsch terve az volt, hogy \u00e1tszervezi gazdas\u00e1gilag \u00e9s katonailag K\u00edn\u00e1t.<\/strong> C\u00e9ljaiba saj\u00e1t bevall\u00e1sa szerint az angolok ellen \u00e9rzett haragja domin\u00e1lt. Persze igazi konspir\u00e1tork\u00e9nt tudta, hogy<strong> \u00e1zsiai angol ellenes h\u00e1bor\u00fa kirobbant\u00e1s\u00e1val p\u00e1rhuzamosan egy eur\u00f3pai h\u00e1bor\u00fanak is ki kell t\u00f6rnie<\/strong>. \u00cdgy nemsok\u00e1ra ism\u00e9t haj\u00f3ra sz\u00e1llt, s Tolnai Lajos n\u00e9ven Velenc\u00e9b\u0151l N\u00e9metorsz\u00e1gba ment. <strong>Az\u00e9rt, hogy megkeresse r\u00e9gi bar\u00e1tj\u00e1t Bauer ezredest, hogy katonai \u00e9s anyagi t\u00e1mogat\u00e1st szerezzen.<\/strong><\/p>\r\n[caption id=\"attachment_5609706\" align=\"aligncenter\" width=\"400\"]<a href=\"https:\/\/mystique.cafeblog.hu\/files\/2020\/09\/trebitsch-buddha.jpg\"><img class=\" wp-image-5609706\" src=\"https:\/\/mystique.cafeblog.hu\/files\/2020\/09\/trebitsch-buddha-600x449.jpg\" alt=\"\" width=\"400\" height=\"299\" \/><\/a> szerzetesk\u00e9nt[\/caption]\r\n<p>Az ezredes meglepet\u00e9sre egy m\u00e1sik k\u00ednai dikt\u00e1tor mell\u00e9 \u00e1llt. Anyagi forr\u00e1st sem lehetett szerezni. Senki nem \u00e1llt mell\u00e9. <strong>De Vu-Pej-Fut a sikertelens\u00e9g nem t\u00f6rte meg, s hadba sz\u00e1llt. Buk\u00e1sra volt \u00edt\u00e9lve, \u00edgy Trebitsch l\u00e9pett.<\/strong> <strong>Ahelyett, hogy bukott volna, az utols\u00f3 k\u00ednai c\u00e1r biztons\u00e1gba helyez\u00e9s\u00e9ben vett r\u00e9szt<\/strong>. Azt\u00e1n persze menek\u00fclt. Mert \u201esoksz\u00edn\u0171s\u00e9g\u00e9re\u201d mindig f\u00e9ny der\u00fclt. <strong>1925-ben m\u00e1r dr. Tandler Leo n\u00e9ven \u00e9lt a F\u00fcl\u00f6p-szigeteken. Majd \u00e1ttelep\u00fclt az angol fennhat\u00f3s\u00e1g al\u00e1 tartoz\u00f3 Ceylonba, ahol egy buddhista kolostorba vonult.<\/strong><\/p>\r\n<p><strong>Itt azt\u00e1n p\u00e1r h\u00e9t alatt megtanulta az \u0151si buddhista nyelvet, a p\u00e1lit.<\/strong> S hamarosan a buddhista szerzetesek megbecs\u00fclt rendj\u00e9nek tagjak\u00e9nt tartott\u00e1k sz\u00e1mon. Egy \u00e9vvel k\u00e9s\u0151bb megtudta, hogy fi\u00e1t rabl\u00f3gyilkoss\u00e1g miatt kiv\u00e9gz\u00e9sre \u00edt\u00e9lt\u00e9k. Gyorsan haj\u00f3ra sz\u00e1llt, de mire meg\u00e9rkezett Angli\u00e1ba, m\u00e1r fia meghalt.<\/p>\r\n<p>Ez volt az utols\u00f3 alkalom, hogy Eur\u00f3p\u00e1ban j\u00e1rt. B\u00e1r egyszer m\u00e9g kereste Bauer ezredes egy k\u00ednai hatalmai poz\u00edci\u00f3val, de visszautas\u00edtotta. <strong>Utols\u00f3 17 \u00e9v\u00e9r\u0151l alig tudni valamit.<\/strong> <strong>Egyesek szerint e megvil\u00e1gosod\u00e1st, a spiritu\u00e1lis felemelked\u00e9st kereste, de az is lehet, hogy csak el akart t\u0171nni a vil\u00e1g szeme el\u0151l...<\/strong><\/p>","type":"rich","thumbnail_url":"https:\/\/mystique.cafeblog.hu\/files\/2020\/09\/Ignatius_Timothy_Trebitsch-Lincoln_circa_1915-150x150.jpg","thumbnail_width":150,"thumbnail_height":150}